{"id":571,"date":"2020-02-24T00:01:20","date_gmt":"2020-02-23T23:01:20","guid":{"rendered":"https:\/\/www.quenotelocuenten.es\/?page_id=571"},"modified":"2020-10-04T19:59:24","modified_gmt":"2020-10-04T17:59:24","slug":"mayte-susana","status":"publish","type":"page","link":"https:\/\/www.quenotelocuenten.es\/index.php\/mayte-susana\/","title":{"rendered":"MAYTE &#038; SUSANA"},"content":{"rendered":"\t\t<div data-elementor-type=\"wp-page\" data-elementor-id=\"571\" class=\"elementor elementor-571\">\n\t\t\t\t\t\t<section class=\"elementor-section elementor-top-section elementor-element elementor-element-da6115c elementor-section-boxed elementor-section-height-default elementor-section-height-default\" data-id=\"da6115c\" data-element_type=\"section\">\n\t\t\t\t\t\t<div class=\"elementor-container elementor-column-gap-default\">\n\t\t\t\t\t<div class=\"elementor-column elementor-col-100 elementor-top-column elementor-element elementor-element-267d815\" data-id=\"267d815\" data-element_type=\"column\">\n\t\t\t<div class=\"elementor-widget-wrap elementor-element-populated\">\n\t\t\t\t\t\t<div class=\"elementor-element elementor-element-e356a43 animated-slow elementor-invisible elementor-widget elementor-widget-heading\" data-id=\"e356a43\" data-element_type=\"widget\" data-settings=\"{&quot;_animation&quot;:&quot;bounceInDown&quot;}\" data-widget_type=\"heading.default\">\n\t\t\t\t<div class=\"elementor-widget-container\">\n\t\t\t\t\t<h1 class=\"elementor-heading-title elementor-size-xl\">MAYTE Y SUSANA GALLEGO EN PAROLE, PAROLE, PAROLE<\/h1>\t\t\t\t<\/div>\n\t\t\t\t<\/div>\n\t\t\t\t\t<\/div>\n\t\t<\/div>\n\t\t\t\t\t<\/div>\n\t\t<\/section>\n\t\t\t\t<section class=\"elementor-section elementor-top-section elementor-element elementor-element-5c7352b elementor-section-boxed elementor-section-height-default elementor-section-height-default\" data-id=\"5c7352b\" data-element_type=\"section\">\n\t\t\t\t\t\t<div class=\"elementor-container elementor-column-gap-default\">\n\t\t\t\t\t<div class=\"elementor-column elementor-col-50 elementor-top-column elementor-element elementor-element-3d1882d\" data-id=\"3d1882d\" data-element_type=\"column\">\n\t\t\t<div class=\"elementor-widget-wrap elementor-element-populated\">\n\t\t\t\t\t\t<div class=\"elementor-element elementor-element-989f83f elementor-widget elementor-widget-text-editor\" data-id=\"989f83f\" data-element_type=\"widget\" data-widget_type=\"text-editor.default\">\n\t\t\t\t<div class=\"elementor-widget-container\">\n\t\t\t\t\t\t\t\t\t<p><span style=\"font-size: 10pt; font-family: tg-fbnarrow-regular;\">En nuestra segunda cita ParoleParoleParole contaremos con Mayte &amp; Susana.<\/span><\/p><p><span style=\"font-family: tg-fbnarrow-regular; font-size: 10pt;\">Mientras tomamos un brunch, hablaremos con ellas de su trayectoria y lo que supone la vida de un m\u00fasico y para ellas, la vida en una familia dedicada a la m\u00fasica, ya que sus padres tambi\u00e9n se han dedicado a ella.\u00a0<\/span><\/p><p><span style=\"font-size: 10pt; font-family: tg-fbnarrow-regular;\">Mayte Gallego Fern\u00e1ndez (Madrid,1985) <span style=\"color: #a73330;\"><a style=\"color: #a73330;\" href=\"https:\/\/www.instagram.com\/maytegf85\/?hl=es\" target=\"_blank\" rel=\"noopener\">@maytegf85<\/a><\/span> y Susana Gallego Fern\u00e1ndez (Madrid,1990) <a href=\"https:\/\/www.instagram.com\/susanita_90\/?hl=es\" target=\"_blank\" rel=\"noopener\"><span style=\"color: #a73330;\">@susanita_90<\/span><\/a> son dos hermanas, m\u00fasicos de formaci\u00f3n cl\u00e1sica: pianista y violinista respectivamente.<\/span><\/p><p><span style=\"font-size: 10pt; font-family: tg-fbnarrow-regular;\">Ambas cursaron sus estudios superiores en sus especialidades en los conservatorios de Madrid (RCSM) y Zaragoza (CSMA), y posteriormente realizaron el m\u00e1ster de interpretaci\u00f3n en Codarts (Universidad de las Artes de Rotterdam, Holanda) y UAX (Universidad Alfonso X el Sabio en Madrid).<\/span><\/p><p><span style=\"font-size: 10pt; font-family: tg-fbnarrow-regular;\">En sus facetas concert\u00edsticas han ambas han actuado en diverso auditorios (Senado de Espa\u00f1a, C\u00edrculo de Bellas Artes, Teatros del Canal, Teatro Monumental, Teatro de la Zarzuela, Teatro Real, Auditorio Nacional de M\u00fasica de Madrid, Palacio de Festivales de Cantabria, Philharmonie de Berlin, etc) y Festivales Internacionales de m\u00fasica tanto como solistas como formando parte de distintos ensembles de m\u00fasica de c\u00e1mara u orquesta (ORCAM, RTVE, OCNE, etc.) en distintas ciudades espa\u00f1olas y europeas.<\/span><\/p><p><span style=\"font-size: 10pt; font-family: tg-fbnarrow-regular;\">En 2016 forman el ArTeil Ensemble <a href=\"https:\/\/www.instagram.com\/arteilensemble\/?hl=es\" target=\"_blank\" rel=\"noopener\"><span style=\"color: #a73330;\">@arteilensemble<\/span><\/a> en colaboraci\u00f3n con otros j\u00f3venes m\u00fasicos espa\u00f1oles para la investigaci\u00f3n y difusi\u00f3n de obras de c\u00e1mara poco conocidas entre el p\u00fablico; actividad que en la actualidad compaginan con su labor docente y de colaboraci\u00f3n orquestal.<\/span><\/p>\t\t\t\t\t\t\t\t<\/div>\n\t\t\t\t<\/div>\n\t\t\t\t\t<\/div>\n\t\t<\/div>\n\t\t\t\t<div class=\"elementor-column elementor-col-50 elementor-top-column elementor-element elementor-element-8ee523d\" data-id=\"8ee523d\" data-element_type=\"column\">\n\t\t\t<div class=\"elementor-widget-wrap elementor-element-populated\">\n\t\t\t\t\t\t<div class=\"elementor-element elementor-element-546b324 elementor-widget elementor-widget-image\" data-id=\"546b324\" data-element_type=\"widget\" data-widget_type=\"image.default\">\n\t\t\t\t<div class=\"elementor-widget-container\">\n\t\t\t\t\t\t\t\t\t\t\t\t\t\t\t<img fetchpriority=\"high\" decoding=\"async\" width=\"567\" height=\"567\" src=\"https:\/\/www.quenotelocuenten.es\/wp-content\/uploads\/2020\/02\/parole-mayte-y-susana.jpg\" class=\"attachment-large size-large wp-image-580\" alt=\"Mayte &amp; Susana\" srcset=\"https:\/\/www.quenotelocuenten.es\/wp-content\/uploads\/2020\/02\/parole-mayte-y-susana.jpg 567w, https:\/\/www.quenotelocuenten.es\/wp-content\/uploads\/2020\/02\/parole-mayte-y-susana-300x300.jpg 300w, https:\/\/www.quenotelocuenten.es\/wp-content\/uploads\/2020\/02\/parole-mayte-y-susana-150x150.jpg 150w\" sizes=\"(max-width: 567px) 100vw, 567px\" \/>\t\t\t\t\t\t\t\t\t\t\t\t\t\t\t<\/div>\n\t\t\t\t<\/div>\n\t\t\t\t\t<\/div>\n\t\t<\/div>\n\t\t\t\t\t<\/div>\n\t\t<\/section>\n\t\t\t\t<section class=\"elementor-section elementor-top-section elementor-element elementor-element-372be70 elementor-section-boxed elementor-section-height-default elementor-section-height-default\" data-id=\"372be70\" data-element_type=\"section\">\n\t\t\t\t\t\t<div class=\"elementor-container elementor-column-gap-default\">\n\t\t\t\t\t<div class=\"elementor-column elementor-col-33 elementor-top-column elementor-element elementor-element-3e7fb70\" data-id=\"3e7fb70\" data-element_type=\"column\">\n\t\t\t<div class=\"elementor-widget-wrap elementor-element-populated\">\n\t\t\t\t\t\t<div class=\"elementor-element elementor-element-fafee70 elementor-widget elementor-widget-text-editor\" data-id=\"fafee70\" data-element_type=\"widget\" data-widget_type=\"text-editor.default\">\n\t\t\t\t<div class=\"elementor-widget-container\">\n\t\t\t\t\t\t\t\t\t<h6>\u00a0<\/h6><p><span style=\"font-family: tg-fbnarrow-regular;\">Domingo 15 de Marzo de 2020<\/span><\/p><p><span style=\"font-family: tg-fbnarrow-regular;\">SALAS QUE NO TE LO CUENTEN<\/span><\/p><p><span style=\"font-family: tg-fbnarrow-regular;\">11:00 (duraci\u00f3n aprox 2h)<\/span><\/p>\t\t\t\t\t\t\t\t<\/div>\n\t\t\t\t<\/div>\n\t\t\t\t\t<\/div>\n\t\t<\/div>\n\t\t\t\t<div class=\"elementor-column elementor-col-33 elementor-top-column elementor-element elementor-element-367cfa7\" data-id=\"367cfa7\" data-element_type=\"column\">\n\t\t\t<div class=\"elementor-widget-wrap elementor-element-populated\">\n\t\t\t\t\t\t<div class=\"elementor-element elementor-element-68b6332 elementor-widget elementor-widget-text-editor\" data-id=\"68b6332\" data-element_type=\"widget\" data-widget_type=\"text-editor.default\">\n\t\t\t\t<div class=\"elementor-widget-container\">\n\t\t\t\t\t\t\t\t\t<p><span style=\"font-size: 10pt;\">Grupos reducidos.<\/span><br \/><span style=\"font-size: 10pt;\">&#8211; Las entradas a la tertulia se pagan previamente al evento, por transferencia o en efectivo, hasta el <strong>viernes 13 de Marzo<\/strong>.<\/span><br \/><span style=\"font-size: 10pt;\">&#8211; Por favor, inf\u00f3rmanos lo antes posible en\u00a0<strong><span style=\"color: #a73330;\"><a style=\"color: #a73330;\" href=\"mailto:hola@quenotelocuenten.es\">hola@quenotelocuenten.es<\/a><\/span><\/strong>\u00a0de las alergias o intolerancias alimentarias para adaptar el men\u00fa.<\/span><br \/><span style=\"font-size: 10pt;\">&#8211; Ver resto de condiciones en <strong><span style=\"color: #a73330;\"><a style=\"color: #a73330;\" href=\"https:\/\/www.instagram.com\/quenotelocuenten.es\/?hl=es\" target=\"_blank\" rel=\"noopener\">@quenotelocuenten.es<\/a><\/span><\/strong><\/span><\/p>\t\t\t\t\t\t\t\t<\/div>\n\t\t\t\t<\/div>\n\t\t\t\t\t<\/div>\n\t\t<\/div>\n\t\t\t\t<div class=\"elementor-column elementor-col-33 elementor-top-column elementor-element elementor-element-474d889\" data-id=\"474d889\" data-element_type=\"column\">\n\t\t\t<div class=\"elementor-widget-wrap elementor-element-populated\">\n\t\t\t\t\t\t<div class=\"elementor-element elementor-element-640b0e2 elementor-widget elementor-widget-image\" data-id=\"640b0e2\" data-element_type=\"widget\" data-widget_type=\"image.default\">\n\t\t\t\t<div class=\"elementor-widget-container\">\n\t\t\t\t\t\t\t\t\t\t\t\t\t\t\t<img decoding=\"async\" width=\"150\" height=\"150\" src=\"https:\/\/www.quenotelocuenten.es\/wp-content\/uploads\/2020\/02\/Parole_Trans-150x150.jpg\" class=\"attachment-thumbnail size-thumbnail wp-image-542\" alt=\"Logo Parole con 3 bocadillos rojo y texto blanco y debajo que no te lo cuenten texto en rojo\" srcset=\"https:\/\/www.quenotelocuenten.es\/wp-content\/uploads\/2020\/02\/Parole_Trans-150x150.jpg 150w, https:\/\/www.quenotelocuenten.es\/wp-content\/uploads\/2020\/02\/Parole_Trans-300x300.jpg 300w, https:\/\/www.quenotelocuenten.es\/wp-content\/uploads\/2020\/02\/Parole_Trans.jpg 709w\" sizes=\"(max-width: 150px) 100vw, 150px\" \/>\t\t\t\t\t\t\t\t\t\t\t\t\t\t\t<\/div>\n\t\t\t\t<\/div>\n\t\t\t\t\t<\/div>\n\t\t<\/div>\n\t\t\t\t\t<\/div>\n\t\t<\/section>\n\t\t\t\t<\/div>\n\t\t","protected":false},"excerpt":{"rendered":"<p>MAYTE Y SUSANA GALLEGO EN PAROLE, PAROLE, PAROLE En nuestra segunda cita ParoleParoleParole contaremos con Mayte &amp; Susana. Mientras tomamos un brunch, hablaremos con ellas&hellip;<\/p>\n","protected":false},"author":1,"featured_media":0,"parent":0,"menu_order":0,"comment_status":"closed","ping_status":"closed","template":"","meta":{"_monsterinsights_skip_tracking":false,"_monsterinsights_sitenote_active":false,"_monsterinsights_sitenote_note":"","_monsterinsights_sitenote_category":0,"footnotes":""},"class_list":["post-571","page","type-page","status-publish","hentry"],"yoast_head":"<!-- This site is optimized with the Yoast SEO plugin v26.7 - https:\/\/yoast.com\/wordpress\/plugins\/seo\/ -->\n<title>MAYTE &amp; SUSANA - PAROLE - QUE NO TE LO CUENTEN.<\/title>\n<meta name=\"description\" content=\"Este Parole, tomando un brunch, hablaremos con Mayte &amp; Susana sobre sus trayectorias y vida musical, compratiendo experiencias entre todos los asistentes.\" \/>\n<meta name=\"robots\" content=\"index, follow, max-snippet:-1, max-image-preview:large, max-video-preview:-1\" \/>\n<link rel=\"canonical\" href=\"https:\/\/www.quenotelocuenten.es\/index.php\/mayte-susana\/\" \/>\n<meta property=\"og:locale\" content=\"es_ES\" \/>\n<meta property=\"og:type\" content=\"article\" \/>\n<meta property=\"og:title\" content=\"MAYTE &amp; SUSANA - PAROLE - QUE NO TE LO CUENTEN.\" \/>\n<meta property=\"og:description\" content=\"Este Parole, tomando un brunch, hablaremos con Mayte &amp; Susana sobre sus trayectorias y vida musical, compratiendo experiencias entre todos los asistentes.\" \/>\n<meta property=\"og:url\" content=\"https:\/\/www.quenotelocuenten.es\/index.php\/mayte-susana\/\" \/>\n<meta property=\"og:site_name\" content=\"QUE NO TE LO CUENTEN.\" \/>\n<meta property=\"article:publisher\" content=\"https:\/\/www.facebook.com\/quenotelocuenten.es\/\" \/>\n<meta property=\"article:modified_time\" content=\"2020-10-04T17:59:24+00:00\" \/>\n<meta property=\"og:image\" content=\"https:\/\/www.quenotelocuenten.es\/wp-content\/uploads\/2020\/02\/parole-mayte-y-susana.jpg\" \/>\n<meta name=\"twitter:card\" content=\"summary_large_image\" \/>\n<meta name=\"twitter:label1\" content=\"Tiempo de lectura\" \/>\n\t<meta name=\"twitter:data1\" content=\"2 minutos\" \/>\n<script type=\"application\/ld+json\" class=\"yoast-schema-graph\">{\"@context\":\"https:\/\/schema.org\",\"@graph\":[{\"@type\":\"WebPage\",\"@id\":\"https:\/\/www.quenotelocuenten.es\/index.php\/mayte-susana\/\",\"url\":\"https:\/\/www.quenotelocuenten.es\/index.php\/mayte-susana\/\",\"name\":\"MAYTE & SUSANA - PAROLE - QUE NO TE LO CUENTEN.\",\"isPartOf\":{\"@id\":\"https:\/\/www.quenotelocuenten.es\/#website\"},\"primaryImageOfPage\":{\"@id\":\"https:\/\/www.quenotelocuenten.es\/index.php\/mayte-susana\/#primaryimage\"},\"image\":{\"@id\":\"https:\/\/www.quenotelocuenten.es\/index.php\/mayte-susana\/#primaryimage\"},\"thumbnailUrl\":\"https:\/\/www.quenotelocuenten.es\/wp-content\/uploads\/2020\/02\/parole-mayte-y-susana.jpg\",\"datePublished\":\"2020-02-23T23:01:20+00:00\",\"dateModified\":\"2020-10-04T17:59:24+00:00\",\"description\":\"Este Parole, tomando un brunch, hablaremos con Mayte & Susana sobre sus trayectorias y vida musical, compratiendo experiencias entre todos los asistentes.\",\"breadcrumb\":{\"@id\":\"https:\/\/www.quenotelocuenten.es\/index.php\/mayte-susana\/#breadcrumb\"},\"inLanguage\":\"es\",\"potentialAction\":[{\"@type\":\"ReadAction\",\"target\":[\"https:\/\/www.quenotelocuenten.es\/index.php\/mayte-susana\/\"]}]},{\"@type\":\"ImageObject\",\"inLanguage\":\"es\",\"@id\":\"https:\/\/www.quenotelocuenten.es\/index.php\/mayte-susana\/#primaryimage\",\"url\":\"https:\/\/www.quenotelocuenten.es\/wp-content\/uploads\/2020\/02\/parole-mayte-y-susana.jpg\",\"contentUrl\":\"https:\/\/www.quenotelocuenten.es\/wp-content\/uploads\/2020\/02\/parole-mayte-y-susana.jpg\",\"width\":567,\"height\":567,\"caption\":\"Mayte & Susana\"},{\"@type\":\"BreadcrumbList\",\"@id\":\"https:\/\/www.quenotelocuenten.es\/index.php\/mayte-susana\/#breadcrumb\",\"itemListElement\":[{\"@type\":\"ListItem\",\"position\":1,\"name\":\"Portada\",\"item\":\"https:\/\/www.quenotelocuenten.es\/\"},{\"@type\":\"ListItem\",\"position\":2,\"name\":\"MAYTE &#038; SUSANA\"}]},{\"@type\":\"WebSite\",\"@id\":\"https:\/\/www.quenotelocuenten.es\/#website\",\"url\":\"https:\/\/www.quenotelocuenten.es\/\",\"name\":\"QUE NO TE LO CUENTEN.\",\"description\":\"Salas privadas para eventos\",\"publisher\":{\"@id\":\"https:\/\/www.quenotelocuenten.es\/#organization\"},\"potentialAction\":[{\"@type\":\"SearchAction\",\"target\":{\"@type\":\"EntryPoint\",\"urlTemplate\":\"https:\/\/www.quenotelocuenten.es\/?s={search_term_string}\"},\"query-input\":{\"@type\":\"PropertyValueSpecification\",\"valueRequired\":true,\"valueName\":\"search_term_string\"}}],\"inLanguage\":\"es\"},{\"@type\":\"Organization\",\"@id\":\"https:\/\/www.quenotelocuenten.es\/#organization\",\"name\":\"QUE NO TE LO CUENTEN\",\"url\":\"https:\/\/www.quenotelocuenten.es\/\",\"logo\":{\"@type\":\"ImageObject\",\"inLanguage\":\"es\",\"@id\":\"https:\/\/www.quenotelocuenten.es\/#\/schema\/logo\/image\/\",\"url\":\"https:\/\/www.quenotelocuenten.es\/wp-content\/uploads\/2019\/11\/bandelora_simbolo-semiopaco.jpg\",\"contentUrl\":\"https:\/\/www.quenotelocuenten.es\/wp-content\/uploads\/2019\/11\/bandelora_simbolo-semiopaco.jpg\",\"width\":8543,\"height\":8543,\"caption\":\"QUE NO TE LO CUENTEN\"},\"image\":{\"@id\":\"https:\/\/www.quenotelocuenten.es\/#\/schema\/logo\/image\/\"},\"sameAs\":[\"https:\/\/www.facebook.com\/quenotelocuenten.es\/\",\"https:\/\/www.instagram.com\/quenotelocuenten.es\/\"]}]}<\/script>\n<!-- \/ Yoast SEO plugin. -->","yoast_head_json":{"title":"MAYTE & SUSANA - PAROLE - QUE NO TE LO CUENTEN.","description":"Este Parole, tomando un brunch, hablaremos con Mayte & Susana sobre sus trayectorias y vida musical, compratiendo experiencias entre todos los asistentes.","robots":{"index":"index","follow":"follow","max-snippet":"max-snippet:-1","max-image-preview":"max-image-preview:large","max-video-preview":"max-video-preview:-1"},"canonical":"https:\/\/www.quenotelocuenten.es\/index.php\/mayte-susana\/","og_locale":"es_ES","og_type":"article","og_title":"MAYTE & SUSANA - PAROLE - QUE NO TE LO CUENTEN.","og_description":"Este Parole, tomando un brunch, hablaremos con Mayte & Susana sobre sus trayectorias y vida musical, compratiendo experiencias entre todos los asistentes.","og_url":"https:\/\/www.quenotelocuenten.es\/index.php\/mayte-susana\/","og_site_name":"QUE NO TE LO CUENTEN.","article_publisher":"https:\/\/www.facebook.com\/quenotelocuenten.es\/","article_modified_time":"2020-10-04T17:59:24+00:00","og_image":[{"url":"https:\/\/www.quenotelocuenten.es\/wp-content\/uploads\/2020\/02\/parole-mayte-y-susana.jpg","type":"","width":"","height":""}],"twitter_card":"summary_large_image","twitter_misc":{"Tiempo de lectura":"2 minutos"},"schema":{"@context":"https:\/\/schema.org","@graph":[{"@type":"WebPage","@id":"https:\/\/www.quenotelocuenten.es\/index.php\/mayte-susana\/","url":"https:\/\/www.quenotelocuenten.es\/index.php\/mayte-susana\/","name":"MAYTE & SUSANA - PAROLE - QUE NO TE LO CUENTEN.","isPartOf":{"@id":"https:\/\/www.quenotelocuenten.es\/#website"},"primaryImageOfPage":{"@id":"https:\/\/www.quenotelocuenten.es\/index.php\/mayte-susana\/#primaryimage"},"image":{"@id":"https:\/\/www.quenotelocuenten.es\/index.php\/mayte-susana\/#primaryimage"},"thumbnailUrl":"https:\/\/www.quenotelocuenten.es\/wp-content\/uploads\/2020\/02\/parole-mayte-y-susana.jpg","datePublished":"2020-02-23T23:01:20+00:00","dateModified":"2020-10-04T17:59:24+00:00","description":"Este Parole, tomando un brunch, hablaremos con Mayte & Susana sobre sus trayectorias y vida musical, compratiendo experiencias entre todos los asistentes.","breadcrumb":{"@id":"https:\/\/www.quenotelocuenten.es\/index.php\/mayte-susana\/#breadcrumb"},"inLanguage":"es","potentialAction":[{"@type":"ReadAction","target":["https:\/\/www.quenotelocuenten.es\/index.php\/mayte-susana\/"]}]},{"@type":"ImageObject","inLanguage":"es","@id":"https:\/\/www.quenotelocuenten.es\/index.php\/mayte-susana\/#primaryimage","url":"https:\/\/www.quenotelocuenten.es\/wp-content\/uploads\/2020\/02\/parole-mayte-y-susana.jpg","contentUrl":"https:\/\/www.quenotelocuenten.es\/wp-content\/uploads\/2020\/02\/parole-mayte-y-susana.jpg","width":567,"height":567,"caption":"Mayte & Susana"},{"@type":"BreadcrumbList","@id":"https:\/\/www.quenotelocuenten.es\/index.php\/mayte-susana\/#breadcrumb","itemListElement":[{"@type":"ListItem","position":1,"name":"Portada","item":"https:\/\/www.quenotelocuenten.es\/"},{"@type":"ListItem","position":2,"name":"MAYTE &#038; SUSANA"}]},{"@type":"WebSite","@id":"https:\/\/www.quenotelocuenten.es\/#website","url":"https:\/\/www.quenotelocuenten.es\/","name":"QUE NO TE LO CUENTEN.","description":"Salas privadas para eventos","publisher":{"@id":"https:\/\/www.quenotelocuenten.es\/#organization"},"potentialAction":[{"@type":"SearchAction","target":{"@type":"EntryPoint","urlTemplate":"https:\/\/www.quenotelocuenten.es\/?s={search_term_string}"},"query-input":{"@type":"PropertyValueSpecification","valueRequired":true,"valueName":"search_term_string"}}],"inLanguage":"es"},{"@type":"Organization","@id":"https:\/\/www.quenotelocuenten.es\/#organization","name":"QUE NO TE LO CUENTEN","url":"https:\/\/www.quenotelocuenten.es\/","logo":{"@type":"ImageObject","inLanguage":"es","@id":"https:\/\/www.quenotelocuenten.es\/#\/schema\/logo\/image\/","url":"https:\/\/www.quenotelocuenten.es\/wp-content\/uploads\/2019\/11\/bandelora_simbolo-semiopaco.jpg","contentUrl":"https:\/\/www.quenotelocuenten.es\/wp-content\/uploads\/2019\/11\/bandelora_simbolo-semiopaco.jpg","width":8543,"height":8543,"caption":"QUE NO TE LO CUENTEN"},"image":{"@id":"https:\/\/www.quenotelocuenten.es\/#\/schema\/logo\/image\/"},"sameAs":["https:\/\/www.facebook.com\/quenotelocuenten.es\/","https:\/\/www.instagram.com\/quenotelocuenten.es\/"]}]}},"_links":{"self":[{"href":"https:\/\/www.quenotelocuenten.es\/index.php\/wp-json\/wp\/v2\/pages\/571","targetHints":{"allow":["GET"]}}],"collection":[{"href":"https:\/\/www.quenotelocuenten.es\/index.php\/wp-json\/wp\/v2\/pages"}],"about":[{"href":"https:\/\/www.quenotelocuenten.es\/index.php\/wp-json\/wp\/v2\/types\/page"}],"author":[{"embeddable":true,"href":"https:\/\/www.quenotelocuenten.es\/index.php\/wp-json\/wp\/v2\/users\/1"}],"replies":[{"embeddable":true,"href":"https:\/\/www.quenotelocuenten.es\/index.php\/wp-json\/wp\/v2\/comments?post=571"}],"version-history":[{"count":20,"href":"https:\/\/www.quenotelocuenten.es\/index.php\/wp-json\/wp\/v2\/pages\/571\/revisions"}],"predecessor-version":[{"id":641,"href":"https:\/\/www.quenotelocuenten.es\/index.php\/wp-json\/wp\/v2\/pages\/571\/revisions\/641"}],"wp:attachment":[{"href":"https:\/\/www.quenotelocuenten.es\/index.php\/wp-json\/wp\/v2\/media?parent=571"}],"curies":[{"name":"wp","href":"https:\/\/api.w.org\/{rel}","templated":true}]}}